{"id":148,"date":"2020-05-15T21:02:00","date_gmt":"2020-05-15T20:02:00","guid":{"rendered":"http:\/\/xn--drk-drpen-47a.de\/?page_id=148"},"modified":"2024-05-26T20:05:03","modified_gmt":"2024-05-26T19:05:03","slug":"jugendrotkreuz","status":"publish","type":"page","link":"https:\/\/xn--drk-drpen-47a.de\/?page_id=148","title":{"rendered":"Jugendrotkreuz"},"content":{"rendered":"<!-- \/wp:image -->\r\n\r\n<!-- wp:paragraph -->\r\n<h1 style=\"text-align: center;\"><img loading=\"lazy\" decoding=\"async\" class=\"alignright\" src=\"https:\/\/jugendrotkreuz.de\/typo3conf\/ext\/frs_drk_template\/Resources\/Public\/jrk\/JRK-Logo-rgb.png\" alt=\"www.jugendrotkreuz.de\" width=\"304\" height=\"304\" \/><\/h1>\r\n<h2 style=\"text-align: center;\">Neue Zeiten f\u00fcr die Gruppenstunden!<\/h2>\r\n<h3 style=\"text-align: center;\">Die Gruppenstunden finden in der Regel immer in den ungeraden Kalenderwochen <strong>samstags von 14.00 Uhr &#8211; 15.30<\/strong> Uhr w\u00e4hrend der Schulzeit statt.\u00a0 Wir treffen uns daf\u00fcr im DRK-Heim an der Forst-Arenbergstr. 11 in D\u00f6rpen.<\/h3>\r\n<h4 style=\"text-align: center;\"><strong>Unter <a href=\"https:\/\/xn--drk-drpen-47a.de\/?page_id=149\">Termine<\/a> sind die Zeiten f\u00fcr die Gruppenstunden jederzeit einsehbar.<\/strong><\/h4>\r\n<p>&nbsp;<\/p>\r\n<h2 style=\"text-align: center;\">Das Jugendrotkreuz D\u00f6rpen<\/h2>\r\n<p>In D\u00f6rpen sind aktuell 35 Kinder im Alter von 6 &#8211; 15 Jahren aktive Mitglieder und treffen sich mit sieben Gruppenleitern in regelm\u00e4\u00dfigen Abst\u00e4nden zu Gruppenstunden in Kleingruppen, die nach Alter (6 &#8211; 12\u00a0 Jahre, 13 &#8211; 27 Jahre) gestaffelt sind. Es gibt aber auch Veranstaltungen, an denen alle Mitglieder gleichzeitig teilnehmen. In der Regel finden die Gruppenstunden im DRK-Heim an der Forst-Arenberg Str. im zweiw\u00f6chigen Rhythmus immer samstags statt. Das Jugendrotkreuz ist fast von Anfang an Teil des DRK Ortsvereins D\u00f6rpen e.V. und wurde schon in den 90er Jahren von Harald Heinrich erfolgreich gef\u00fchrt. Nach einer mehrj\u00e4hrigen Pause ist das JRK in D\u00f6rpen in den 2010er Jahren anfangs mit nur 5 Kindern wieder aufgebaut worden. In den Jahren 2018 und insbesondere 2019 konnte der Verein einen Ansturm auf das JRK erfahren. Mittlerweile leiten die Gruppenstunden zusammen mit dem Ortsleiter Harald Heinrich die Gruppenleiter Vanessa P\u00f6tker, Isabell P\u00f6tker und Tobias Hanekamp. Ziel ist es auf lange Sicht die \u00e4lteren Kinder als Gruppenleiter zu integrieren und die Jugendlichen in die Arbeit des DRK mit einzubeziehen. An vorderster Stelle steht dabei die Freiwilligkeit und der Spa\u00df!<\/p>\r\n<h2 style=\"text-align: center;\"><em><strong><span class=\"has-inline-color has-primary-color\">Was macht das Jugendrotkreuz?<\/span><\/strong><\/em><\/h2>\r\n<!-- \/wp:paragraph -->\r\n\r\n<!-- wp:group -->\r\n<div class=\"wp-block-group\">\r\n<div class=\"wp-block-group__inner-container\"><!-- wp:paragraph --> In den regelm\u00e4\u00dfig stattfindenden Gruppenstunden bes<\/div>\r\n<div class=\"wp-block-group__inner-container\">ch\u00e4ftigen wir uns mit vielen verschiedenen Themen. Neben ganz vielen Spielen und Basteleien bringen wir den Kindern und Jugendlichen die Grundlagen der Ersten Hilfe bei und befassen uns mit M\u00f6glichkeiten der Unfallpr\u00e4vention. Aber auch mit Themen wie dem Klimawandel, Kinderarmut, Menschen-rechten oder der Geschichte des Roten Kreuzes setzen wir uns aus-einander. Beim Jugendrotkreuz lernen Kinder und Jugendliche ganz automatisch, wie man sich in Notsituationen richtig verh\u00e4lt und auch ihre sozialen F\u00e4higkeiten werden gest\u00e4rkt. Sie lernen im Team zu arbeiten, andere zu respektieren, Streit zu schlichten und andere anzuleiten. Die Kommunikationsf\u00e4higkeit und das Einf\u00fchlungsverm\u00f6gen werden durch die Gruppenarbeit gest\u00e4rkt. <!-- \/wp:paragraph --><\/div>\r\n<\/div>\r\n<!-- \/wp:group -->\r\n\r\n<!-- wp:group {\"align\":\"wide\"} -->\r\n<div class=\"wp-block-group alignwide\">\r\n<div class=\"wp-block-group__inner-container\"><!-- wp:media-text {\"mediaId\":203,\"mediaLink\":\"http:\/\/xn\\u002d\\u002ddrk-drpen-47a.de\/?attachment_id=203\",\"mediaType\":\"image\",\"mediaWidth\":41,\"verticalAlignment\":\"center\"} -->\r\n<div class=\"wp-block-media-text alignwide is-stacked-on-mobile is-vertically-aligned-center\" style=\"grid-template-columns: 41% auto; text-align: right;\">\u00a0<\/div>\r\n<\/div>\r\n<\/div>\r\n<h2 class=\"has-text-align-center\" style=\"text-align: center;\">Was machen wir sonst noch?<img loading=\"lazy\" decoding=\"async\" class=\"wp-image-218  alignright\" src=\"https:\/\/xn--drk-drpen-47a.de\/wp-content\/uploads\/2020\/05\/Veranstaltungen-1-300x273.jpg\" alt=\"\" width=\"368\" height=\"335\" srcset=\"https:\/\/xn--drk-drpen-47a.de\/wp-content\/uploads\/2020\/05\/Veranstaltungen-1-300x273.jpg 300w, https:\/\/xn--drk-drpen-47a.de\/wp-content\/uploads\/2020\/05\/Veranstaltungen-1.jpg 571w\" sizes=\"(max-width: 368px) 100vw, 368px\" \/><\/h2>\r\n<!-- \/wp:heading -->\r\n\r\n<!-- wp:group -->\r\n<div class=\"wp-block-group\">\r\n<div class=\"wp-block-group__inner-container\">Neben unseren Gruppen- stunden bieten wir auch zahlreiche Aktionen und Veranstaltungen an, an denen alle Kinder und Jugendlichen teil-nehmen k\u00f6nnen. So organisieren wir beispielsweise an Pfingsten ein Zeltlager mit Jugendrotkreuzlern aus dem Emsland und auch das Ferienpasszeltlager wird von uns ausgerichtet. An diesem k\u00f6nnen alle JRK-Mitglieder kostenlos teilnehmen. Im Herbst und Winter bieten wir in D\u00f6rpen jeweils eine Herbst- bzw. Winteraktion an, bei der wir zur Jahreszeit passende Spiele spielen, Dinge basteln und vieles mehr machen.<\/div>\r\n<\/div>\r\n<div>\u00a0<\/div>\r\n<div>\u00a0<\/div>\r\n<div>\u00a0<\/div>\r\n<div>\u00a0<\/div>\r\n<div>\u00a0<\/div>\r\n<div>\u00a0<\/div>\r\n<div>\u00a0<\/div>\r\n<h2 style=\"text-align: center;\"><span style=\"color: #0000ff;\">Unser JRK hat sich auch dieses 2023\/24 bei der Erstellung des Wichtelwald in D\u00f6rpen beteiligt\u00a0<\/span><\/h2>\r\n<h2 style=\"text-align: center;\"><span style=\"color: #0000ff;\">Diesmal war der der Wichtelwald an der Stra\u00dfe zum Wendebecken\u00a0<\/span><\/h2>\r\n<div>\r\n<h1 style=\"text-align: center;\"><img loading=\"lazy\" decoding=\"async\" class=\"alignnone  wp-image-769\" style=\"font-size: 16px;\" src=\"https:\/\/xn--drk-drpen-47a.de\/wp-content\/uploads\/2023\/12\/20231211_201437-169x300.jpg\" alt=\"\" width=\"327\" height=\"580\" srcset=\"https:\/\/xn--drk-drpen-47a.de\/wp-content\/uploads\/2023\/12\/20231211_201437-169x300.jpg 169w, https:\/\/xn--drk-drpen-47a.de\/wp-content\/uploads\/2023\/12\/20231211_201437-576x1024.jpg 576w, https:\/\/xn--drk-drpen-47a.de\/wp-content\/uploads\/2023\/12\/20231211_201437-768x1365.jpg 768w, https:\/\/xn--drk-drpen-47a.de\/wp-content\/uploads\/2023\/12\/20231211_201437-864x1536.jpg 864w, https:\/\/xn--drk-drpen-47a.de\/wp-content\/uploads\/2023\/12\/20231211_201437-1152x2048.jpg 1152w, https:\/\/xn--drk-drpen-47a.de\/wp-content\/uploads\/2023\/12\/20231211_201437-scaled.jpg 1440w\" sizes=\"(max-width: 327px) 100vw, 327px\" \/><\/h1>\r\n<h1 style=\"text-align: center;\"><img loading=\"lazy\" decoding=\"async\" class=\"alignnone  wp-image-774\" src=\"https:\/\/xn--drk-drpen-47a.de\/wp-content\/uploads\/2023\/12\/20231211_201306-300x169.jpg\" alt=\"\" width=\"653\" height=\"368\" srcset=\"https:\/\/xn--drk-drpen-47a.de\/wp-content\/uploads\/2023\/12\/20231211_201306-300x169.jpg 300w, https:\/\/xn--drk-drpen-47a.de\/wp-content\/uploads\/2023\/12\/20231211_201306-1024x576.jpg 1024w, https:\/\/xn--drk-drpen-47a.de\/wp-content\/uploads\/2023\/12\/20231211_201306-768x432.jpg 768w, https:\/\/xn--drk-drpen-47a.de\/wp-content\/uploads\/2023\/12\/20231211_201306-1536x864.jpg 1536w, https:\/\/xn--drk-drpen-47a.de\/wp-content\/uploads\/2023\/12\/20231211_201306-2048x1152.jpg 2048w\" sizes=\"(max-width: 653px) 100vw, 653px\" \/><\/h1>\r\n<\/div>\r\n<div>\u00a0<\/div>\r\n<h1 style=\"text-align: center;\"><span style=\"color: #0000ff;\">Beim Tag der offenen T\u00fcr der Feuerwehr D\u00f6rpen war unser Spielmobil ebenfalls dabei.<\/span><\/h1>\r\n<div>\u00a0<\/div>\r\n<div><img loading=\"lazy\" decoding=\"async\" class=\" wp-image-750 aligncenter\" src=\"https:\/\/xn--drk-drpen-47a.de\/wp-content\/uploads\/2023\/07\/20230709_160056-300x169.jpg\" alt=\"\" width=\"518\" height=\"292\" srcset=\"https:\/\/xn--drk-drpen-47a.de\/wp-content\/uploads\/2023\/07\/20230709_160056-300x169.jpg 300w, https:\/\/xn--drk-drpen-47a.de\/wp-content\/uploads\/2023\/07\/20230709_160056-1024x576.jpg 1024w, https:\/\/xn--drk-drpen-47a.de\/wp-content\/uploads\/2023\/07\/20230709_160056-768x432.jpg 768w, https:\/\/xn--drk-drpen-47a.de\/wp-content\/uploads\/2023\/07\/20230709_160056-1536x864.jpg 1536w, https:\/\/xn--drk-drpen-47a.de\/wp-content\/uploads\/2023\/07\/20230709_160056-2048x1152.jpg 2048w\" sizes=\"(max-width: 518px) 100vw, 518px\" \/><\/div>\r\n<div>\u00a0<\/div>\r\n<div>\u00a0<\/div>\r\n<div>\u00a0<\/div>\r\n<h1 style=\"text-align: center;\"><span style=\"color: #0000ff;\">50 Jahre Samtgemeinde D\u00f6rpen, unser Spielmobil ist dabei.<\/span><\/h1>\r\n<h1>\u00a0 \u00a0 \u00a0 \u00a0 \u00a0 \u00a0 \u00a0 \u00a0 \u00a0 \u00a0 \u00a0 <img loading=\"lazy\" decoding=\"async\" class=\"alignnone  wp-image-751\" src=\"https:\/\/xn--drk-drpen-47a.de\/wp-content\/uploads\/2023\/07\/20230618_152053-300x169.jpg\" alt=\"\" width=\"474\" height=\"267\" srcset=\"https:\/\/xn--drk-drpen-47a.de\/wp-content\/uploads\/2023\/07\/20230618_152053-300x169.jpg 300w, https:\/\/xn--drk-drpen-47a.de\/wp-content\/uploads\/2023\/07\/20230618_152053-1024x576.jpg 1024w, https:\/\/xn--drk-drpen-47a.de\/wp-content\/uploads\/2023\/07\/20230618_152053-768x432.jpg 768w, https:\/\/xn--drk-drpen-47a.de\/wp-content\/uploads\/2023\/07\/20230618_152053-1536x864.jpg 1536w, https:\/\/xn--drk-drpen-47a.de\/wp-content\/uploads\/2023\/07\/20230618_152053-2048x1152.jpg 2048w\" sizes=\"(max-width: 474px) 100vw, 474px\" \/>\u00a0 \u00a0 <img loading=\"lazy\" decoding=\"async\" class=\"alignnone  wp-image-752\" src=\"https:\/\/xn--drk-drpen-47a.de\/wp-content\/uploads\/2023\/07\/20230618_141050-300x169.jpg\" alt=\"\" width=\"476\" height=\"268\" srcset=\"https:\/\/xn--drk-drpen-47a.de\/wp-content\/uploads\/2023\/07\/20230618_141050-300x169.jpg 300w, https:\/\/xn--drk-drpen-47a.de\/wp-content\/uploads\/2023\/07\/20230618_141050-1024x576.jpg 1024w, https:\/\/xn--drk-drpen-47a.de\/wp-content\/uploads\/2023\/07\/20230618_141050-768x432.jpg 768w, https:\/\/xn--drk-drpen-47a.de\/wp-content\/uploads\/2023\/07\/20230618_141050-1536x864.jpg 1536w, https:\/\/xn--drk-drpen-47a.de\/wp-content\/uploads\/2023\/07\/20230618_141050-2048x1152.jpg 2048w\" sizes=\"(max-width: 476px) 100vw, 476px\" \/><\/h1>\r\n<h1>\u00a0<\/h1>\r\n<h1 style=\"text-align: center;\"><span style=\"color: #0000ff;\">Das Spielmobil unterwegs<\/span><\/h1>\r\n<div style=\"text-align: center;\">Im Rahmen der 50 j\u00e4hrigen Jubil\u00e4umfeier der Samtgemeinde D\u00f6rpen haben wir in Heede einen Teil unseres Spielmobil aufgestellt.\u00a0<\/div>\r\n<div>\u00a0<\/div>\r\n<h1><a href=\"https:\/\/xn--drk-drpen-47a.de\/?attachment_id=712\" rel=\"attachment wp-att-712\"><img loading=\"lazy\" decoding=\"async\" class=\"aligncenter size-large wp-image-712\" src=\"https:\/\/xn--drk-drpen-47a.de\/wp-content\/uploads\/2023\/04\/20230416_151502_2-1024x576.jpg\" alt=\"\" width=\"1024\" height=\"576\" srcset=\"https:\/\/xn--drk-drpen-47a.de\/wp-content\/uploads\/2023\/04\/20230416_151502_2-1024x576.jpg 1024w, https:\/\/xn--drk-drpen-47a.de\/wp-content\/uploads\/2023\/04\/20230416_151502_2-300x169.jpg 300w, https:\/\/xn--drk-drpen-47a.de\/wp-content\/uploads\/2023\/04\/20230416_151502_2-768x432.jpg 768w, https:\/\/xn--drk-drpen-47a.de\/wp-content\/uploads\/2023\/04\/20230416_151502_2-1536x864.jpg 1536w, https:\/\/xn--drk-drpen-47a.de\/wp-content\/uploads\/2023\/04\/20230416_151502_2-2048x1152.jpg 2048w\" sizes=\"(max-width: 1024px) 100vw, 1024px\" \/><\/a><\/h1>\r\n<h1><a href=\"https:\/\/xn--drk-drpen-47a.de\/?attachment_id=713\" rel=\"attachment wp-att-713\"><img loading=\"lazy\" decoding=\"async\" class=\"aligncenter size-large wp-image-713\" src=\"https:\/\/xn--drk-drpen-47a.de\/wp-content\/uploads\/2023\/04\/20230416_150254-576x1024.jpg\" alt=\"\" width=\"576\" height=\"1024\" srcset=\"https:\/\/xn--drk-drpen-47a.de\/wp-content\/uploads\/2023\/04\/20230416_150254-576x1024.jpg 576w, https:\/\/xn--drk-drpen-47a.de\/wp-content\/uploads\/2023\/04\/20230416_150254-169x300.jpg 169w, https:\/\/xn--drk-drpen-47a.de\/wp-content\/uploads\/2023\/04\/20230416_150254-768x1365.jpg 768w, https:\/\/xn--drk-drpen-47a.de\/wp-content\/uploads\/2023\/04\/20230416_150254-864x1536.jpg 864w, https:\/\/xn--drk-drpen-47a.de\/wp-content\/uploads\/2023\/04\/20230416_150254-1152x2048.jpg 1152w, https:\/\/xn--drk-drpen-47a.de\/wp-content\/uploads\/2023\/04\/20230416_150254-scaled.jpg 1440w\" sizes=\"(max-width: 576px) 100vw, 576px\" \/><\/a><\/h1>\r\n<h1><a href=\"https:\/\/xn--drk-drpen-47a.de\/?attachment_id=714\" rel=\"attachment wp-att-714\"><img loading=\"lazy\" decoding=\"async\" class=\"aligncenter size-large wp-image-714\" src=\"https:\/\/xn--drk-drpen-47a.de\/wp-content\/uploads\/2023\/04\/20230416_145826-1024x576.jpg\" alt=\"\" width=\"1024\" height=\"576\" srcset=\"https:\/\/xn--drk-drpen-47a.de\/wp-content\/uploads\/2023\/04\/20230416_145826-1024x576.jpg 1024w, https:\/\/xn--drk-drpen-47a.de\/wp-content\/uploads\/2023\/04\/20230416_145826-300x169.jpg 300w, https:\/\/xn--drk-drpen-47a.de\/wp-content\/uploads\/2023\/04\/20230416_145826-768x432.jpg 768w, https:\/\/xn--drk-drpen-47a.de\/wp-content\/uploads\/2023\/04\/20230416_145826-1536x864.jpg 1536w, https:\/\/xn--drk-drpen-47a.de\/wp-content\/uploads\/2023\/04\/20230416_145826-2048x1152.jpg 2048w\" sizes=\"(max-width: 1024px) 100vw, 1024px\" \/><\/a><\/h1>\r\n<h1 style=\"text-align: center;\">________<\/h1>\r\n<h1 style=\"text-align: center;\">_______________________________<\/h1>\r\n<h1 style=\"text-align: center;\"><strong>Unser<\/strong> JRK beim Weihnachtsmarkt 2022 in D\u00f6rpen<\/h1>\r\n<div>\u00a0<\/div>\r\n<div class=\"wp-block-group\">\r\n<div class=\"wp-block-group__inner-container\"><img loading=\"lazy\" decoding=\"async\" class=\"aligncenter size-large wp-image-687\" src=\"https:\/\/xn--drk-drpen-47a.de\/wp-content\/uploads\/2022\/12\/Weihnachtsmarkt-JRK-2022-1024x693.jpg\" alt=\"\" width=\"1024\" height=\"693\" srcset=\"https:\/\/xn--drk-drpen-47a.de\/wp-content\/uploads\/2022\/12\/Weihnachtsmarkt-JRK-2022-1024x693.jpg 1024w, https:\/\/xn--drk-drpen-47a.de\/wp-content\/uploads\/2022\/12\/Weihnachtsmarkt-JRK-2022-300x203.jpg 300w, https:\/\/xn--drk-drpen-47a.de\/wp-content\/uploads\/2022\/12\/Weihnachtsmarkt-JRK-2022-768x520.jpg 768w, https:\/\/xn--drk-drpen-47a.de\/wp-content\/uploads\/2022\/12\/Weihnachtsmarkt-JRK-2022-1536x1039.jpg 1536w, https:\/\/xn--drk-drpen-47a.de\/wp-content\/uploads\/2022\/12\/Weihnachtsmarkt-JRK-2022-2048x1385.jpg 2048w\" sizes=\"(max-width: 1024px) 100vw, 1024px\" \/><\/div>\r\n<\/div>\r\n<!-- \/wp:group -->\r\n\r\n<!-- wp:image {\"id\":207,\"sizeSlug\":\"large\"} -->\r\n<figure><\/figure>\r\n<figure><\/figure>\r\n<figure><\/figure>\r\n<figure class=\"wp-block-image size-large\"><img loading=\"lazy\" decoding=\"async\" width=\"1024\" height=\"869\" class=\"wp-image-207 aligncenter\" src=\"https:\/\/xn--drk-drpen-47a.de\/wp-content\/uploads\/2020\/05\/Siegerehrung-Einbeck-1024x869.jpg\" alt=\"\" srcset=\"https:\/\/xn--drk-drpen-47a.de\/wp-content\/uploads\/2020\/05\/Siegerehrung-Einbeck-1024x869.jpg 1024w, https:\/\/xn--drk-drpen-47a.de\/wp-content\/uploads\/2020\/05\/Siegerehrung-Einbeck-300x255.jpg 300w, https:\/\/xn--drk-drpen-47a.de\/wp-content\/uploads\/2020\/05\/Siegerehrung-Einbeck-768x652.jpg 768w, https:\/\/xn--drk-drpen-47a.de\/wp-content\/uploads\/2020\/05\/Siegerehrung-Einbeck.jpg 1200w\" sizes=\"(max-width: 1024px) 100vw, 1024px\" \/>\r\n<figcaption>\u00a0 \u00a0 \u00a0 \u00a0 \u00a0 \u00a0 \u00a0 \u00a0 \u00a0 \u00a0 \u00a0 \u00a0 \u00a0 \u00a0 \u00a0 Die Stufe 0 im Jahr 2019 beim Gewinn des Landeswettbewerbs!<\/figcaption>\r\n<\/figure>\r\n<!-- \/wp:image -->\r\n\r\n<!-- wp:paragraph -->\r\n<p>Au\u00dferdem gibt es vom Kreisverband Emsland jedes Jahr ein Halloweenevent, an dem ebenfalls Jugendrotkreuzler aus dem ganzen Emsland teilnehmen. Wir verkleiden uns gruselig und lassen uns in der Nacht der Geister erschrecken. Am Ende des Jahres werden alle JRKler vom Kreisverband zum Weihnachtskino eingeladen. Dort gucken wir mit allen einen Film, meistens sogar im Kino, und lassen das Jahr gemeinsam ausklingen. Nat\u00fcrlich gibt es zwischendurch auch noch einige andere Aktionen, die abh\u00e4ngig von Themen und Jahreszeit sind. <strong>Au\u00dferdem bietet der Landes-verband Niedersachsen jedes Jahr zahlreiche Veranstaltungen, Workshops und Seminare an. Wenn Du 15 Jahre oder \u00e4lter bist, kannst Du auch an einem vom Landesverband organisierten Gruppenleitergrund-kurs teil-nehmen und Deine Juleica erhalten.<\/strong><\/p>\r\n<!-- \/wp:paragraph -->\r\n\r\n<!-- wp:heading -->\r\n<h2>Wettbewerbe<\/h2>\r\n<!-- \/wp:heading -->\r\n\r\n<!-- wp:paragraph -->\r\n<p>Einmal im Jahr, im Fr\u00fchjahr, findet der Kreiswettbewerb im Emsland statt. Hier treten JRKler aus dem Emsland in vier Altersgruppen gegen-einander in f\u00fcnf Bereichen an:<\/p>\r\n<h2><span style=\"text-align: center;\">\u00a0 \u00a0 \u00a0 \u00a0 \u00a0 \u00a0 \u00a0 Sport und Spiel\u00a0 \u00a0 \u00a0 \u00a0 \u00a0 \u00a0 \u00a0 \u00a0 \u00a0 \u00a0 \u00a0 \u00a0 \u00a0 \u00a0 \u00a0 \u00a0 \u00a0 \u00a0 \u00a0 \u00a0 \u00a0 \u00a0 \u00a0 \u00a0 \u00a0 \u00a0 \u00a0 \u00a0 \u00a0 \u00a0 \u00a0 \u00a0 \u00a0 \u00a0 \u00a0 \u00a0 \u00a0 \u00a0 \u00a0 \u00a0 \u00a0 \u00a0 \u00a0 \u00a0 \u00a0 \u00a0 \u00a0 \u00a0Soziales<\/span><\/h2>\r\n<h2><span style=\"text-align: center;\">\u00a0 \u00a0 \u00a0 \u00a0 \u00a0 \u00a0Musisch-kulturell<\/span><\/h2>\r\n<h2><span style=\"text-align: center;\">\u00a0 \u00a0 \u00a0 \u00a0 \u00a0 \u00a0 \u00a0 \u00a0 \u00a0 \u00a0 \u00a0 Rot-Kreuz-Wissen\u00a0 \u00a0 \u00a0 \u00a0 \u00a0 \u00a0 \u00a0 \u00a0 \u00a0 \u00a0 \u00a0 \u00a0 \u00a0 \u00a0 \u00a0 \u00a0 \u00a0 \u00a0 \u00a0 \u00a0 \u00a0 \u00a0 \u00a0 \u00a0 \u00a0 \u00a0 \u00a0 \u00a0 \u00a0 \u00a0 \u00a0 \u00a0 \u00a0 \u00a0 \u00a0 \u00a0 \u00a0 \u00a0 \u00a0 \u00a0 <\/span><span style=\"text-align: center;\">Erste-Hilfe<\/span><\/h2>\r\n<!-- \/wp:group -->\r\n\r\n<!-- wp:paragraph -->\r\n<p>Die Gewinner der jeweiligen Altersstufen qualifizieren sich f\u00fcr den Bezirkswettbewerb.\u00a0 Auch hier treten die Gruppen in den f\u00fcnf Bereichen gegeneinander an. Hier qualifizieren sich die Siegergruppen f\u00fcr den Landeswettbewerb, der jedes Jahr in Einbeck stattfindet.<\/p>\r\n<!-- \/wp:paragraph -->\r\n\r\n<!-- wp:image {\"id\":208,\"sizeSlug\":\"large\"} -->\r\n<figure class=\"wp-block-image size-large\"><img loading=\"lazy\" decoding=\"async\" class=\"wp-image-208 alignleft\" src=\"https:\/\/xn--drk-drpen-47a.de\/wp-content\/uploads\/2020\/05\/image.png\" alt=\"\" width=\"509\" height=\"166\" srcset=\"https:\/\/xn--drk-drpen-47a.de\/wp-content\/uploads\/2020\/05\/image.png 577w, https:\/\/xn--drk-drpen-47a.de\/wp-content\/uploads\/2020\/05\/image-300x98.png 300w\" sizes=\"(max-width: 509px) 100vw, 509px\" \/><a href=\"https:\/\/www.instagram.com\/jrk_doerpen\/\" target=\"_blank\" rel=\"noopener noreferrer\"> <img loading=\"lazy\" decoding=\"async\" class=\"wp-image-209 alignleft\" src=\"https:\/\/xn--drk-drpen-47a.de\/wp-content\/uploads\/2020\/05\/insta.jpg\" alt=\"\" width=\"147\" height=\"143\" \/><\/a><\/figure>\r\n<!-- \/wp:image -->","protected":false},"excerpt":{"rendered":"<p>Neue Zeiten f\u00fcr die Gruppenstunden! Die Gruppenstunden finden in der Regel immer in den ungeraden Kalenderwochen samstags von 14.00 Uhr &#8211; 15.30 Uhr w\u00e4hrend der Schulzeit statt.\u00a0 Wir treffen uns daf\u00fcr im DRK-Heim an der Forst-Arenbergstr. 11 in D\u00f6rpen. Unter Termine sind die Zeiten f\u00fcr die Gruppenstunden jederzeit einsehbar. &nbsp; Das Jugendrotkreuz D\u00f6rpen In D\u00f6rpen &hellip; <a href=\"https:\/\/xn--drk-drpen-47a.de\/?page_id=148\">Continued<\/a><\/p>\n","protected":false},"author":1,"featured_media":0,"parent":0,"menu_order":0,"comment_status":"closed","ping_status":"closed","template":"template-custom.php","meta":{"footnotes":""},"_links":{"self":[{"href":"https:\/\/xn--drk-drpen-47a.de\/index.php?rest_route=\/wp\/v2\/pages\/148"}],"collection":[{"href":"https:\/\/xn--drk-drpen-47a.de\/index.php?rest_route=\/wp\/v2\/pages"}],"about":[{"href":"https:\/\/xn--drk-drpen-47a.de\/index.php?rest_route=\/wp\/v2\/types\/page"}],"author":[{"embeddable":true,"href":"https:\/\/xn--drk-drpen-47a.de\/index.php?rest_route=\/wp\/v2\/users\/1"}],"replies":[{"embeddable":true,"href":"https:\/\/xn--drk-drpen-47a.de\/index.php?rest_route=%2Fwp%2Fv2%2Fcomments&post=148"}],"version-history":[{"count":35,"href":"https:\/\/xn--drk-drpen-47a.de\/index.php?rest_route=\/wp\/v2\/pages\/148\/revisions"}],"predecessor-version":[{"id":780,"href":"https:\/\/xn--drk-drpen-47a.de\/index.php?rest_route=\/wp\/v2\/pages\/148\/revisions\/780"}],"wp:attachment":[{"href":"https:\/\/xn--drk-drpen-47a.de\/index.php?rest_route=%2Fwp%2Fv2%2Fmedia&parent=148"}],"curies":[{"name":"wp","href":"https:\/\/api.w.org\/{rel}","templated":true}]}}